{"id":675,"date":"2021-03-22T15:47:35","date_gmt":"2021-03-22T15:47:35","guid":{"rendered":"https:\/\/40x.sedel.ch\/?page_id=675"},"modified":"2022-08-15T14:28:14","modified_gmt":"2022-08-15T14:28:14","slug":"kleines-vorplatz-openair-mit-leech","status":"publish","type":"page","link":"https:\/\/40x.sedel.ch\/index.php\/kleines-vorplatz-openair-mit-leech\/","title":{"rendered":"Kleines Vorplatz Openair mit Leech"},"content":{"rendered":"\t\t<div data-elementor-type=\"wp-page\" data-elementor-id=\"675\" class=\"elementor elementor-675\" data-elementor-settings=\"[]\">\n\t\t\t\t\t\t\t<div class=\"elementor-section-wrap\">\n\t\t\t\t\t\t\t<section class=\"elementor-section elementor-top-section elementor-element elementor-element-48801e1f elementor-section-boxed elementor-section-height-default elementor-section-height-default\" data-id=\"48801e1f\" data-element_type=\"section\" data-settings=\"{&quot;background_background&quot;:&quot;classic&quot;}\">\n\t\t\t\t\t\t\t<div class=\"elementor-background-overlay\"><\/div>\n\t\t\t\t\t\t\t<div class=\"elementor-container elementor-column-gap-wider\">\n\t\t\t\t\t<div class=\"elementor-column elementor-col-50 elementor-top-column elementor-element elementor-element-2b921385\" data-id=\"2b921385\" data-element_type=\"column\" data-settings=\"{&quot;background_background&quot;:&quot;classic&quot;}\">\n\t\t\t<div class=\"elementor-widget-wrap elementor-element-populated\">\n\t\t\t\t\t\t\t\t<section class=\"elementor-section elementor-inner-section elementor-element elementor-element-0481e2c elementor-section-boxed elementor-section-height-default elementor-section-height-default\" data-id=\"0481e2c\" data-element_type=\"section\" data-settings=\"{&quot;background_background&quot;:&quot;classic&quot;}\">\n\t\t\t\t\t\t<div class=\"elementor-container elementor-column-gap-default\">\n\t\t\t\t\t<div class=\"elementor-column elementor-col-33 elementor-inner-column elementor-element elementor-element-d5b719e\" data-id=\"d5b719e\" data-element_type=\"column\">\n\t\t\t<div class=\"elementor-widget-wrap elementor-element-populated\">\n\t\t\t\t\t\t\t\t<div class=\"elementor-element elementor-element-313b222 elementor-invisible elementor-widget elementor-widget-image\" data-id=\"313b222\" data-element_type=\"widget\" data-settings=\"{&quot;_animation&quot;:&quot;fadeInRight&quot;}\" data-widget_type=\"image.default\">\n\t\t\t\t<div class=\"elementor-widget-container\">\n\t\t\t\t\t\t\t\t\t\t\t\t\t\t\t\t<a href=\"https:\/\/40x.sedel.ch\">\n\t\t\t\t\t\t\t<img src=\"https:\/\/40x.sedel.ch\/wp-content\/uploads\/elementor\/thumbs\/40xlogo-pouwmjwzo282nycg4ahqi70iaasogz4vm0isv6z7u0.png\" title=\"40xlogo\" alt=\"40xlogo\" \/>\t\t\t\t\t\t\t\t<\/a>\n\t\t\t\t\t\t\t\t\t\t\t\t\t\t\t<\/div>\n\t\t\t\t<\/div>\n\t\t\t\t\t<\/div>\n\t\t<\/div>\n\t\t\t\t<div class=\"elementor-column elementor-col-66 elementor-inner-column elementor-element elementor-element-46ffa7a\" data-id=\"46ffa7a\" data-element_type=\"column\">\n\t\t\t<div class=\"elementor-widget-wrap elementor-element-populated\">\n\t\t\t\t\t\t\t\t<div class=\"elementor-element elementor-element-2f36b0a elementor-widget elementor-widget-heading\" data-id=\"2f36b0a\" data-element_type=\"widget\" data-widget_type=\"heading.default\">\n\t\t\t\t<div class=\"elementor-widget-container\">\n\t\t\t<h2 class=\"elementor-heading-title elementor-size-default\">Vorplatz Openair mit Leech<\/h2>\t\t<\/div>\n\t\t\t\t<\/div>\n\t\t\t\t\t<\/div>\n\t\t<\/div>\n\t\t\t\t\t\t\t<\/div>\n\t\t<\/section>\n\t\t\t\t<div class=\"elementor-element elementor-element-0a23fc6 elementor-widget elementor-widget-spacer\" data-id=\"0a23fc6\" data-element_type=\"widget\" data-widget_type=\"spacer.default\">\n\t\t\t\t<div class=\"elementor-widget-container\">\n\t\t\t\t\t<div class=\"elementor-spacer\">\n\t\t\t<div class=\"elementor-spacer-inner\"><\/div>\n\t\t<\/div>\n\t\t\t\t<\/div>\n\t\t\t\t<\/div>\n\t\t\t\t<section class=\"elementor-section elementor-inner-section elementor-element elementor-element-d8480d4 elementor-section-boxed elementor-section-height-default elementor-section-height-default\" data-id=\"d8480d4\" data-element_type=\"section\" data-settings=\"{&quot;background_background&quot;:&quot;classic&quot;}\">\n\t\t\t\t\t\t<div class=\"elementor-container elementor-column-gap-default\">\n\t\t\t\t\t<div class=\"elementor-column elementor-col-100 elementor-inner-column elementor-element elementor-element-5d16ab8\" data-id=\"5d16ab8\" data-element_type=\"column\">\n\t\t\t<div class=\"elementor-widget-wrap elementor-element-populated\">\n\t\t\t\t\t\t\t\t<div class=\"elementor-element elementor-element-ae7b76c elementor-widget elementor-widget-text-editor\" data-id=\"ae7b76c\" data-element_type=\"widget\" data-widget_type=\"text-editor.default\">\n\t\t\t\t<div class=\"elementor-widget-container\">\n\t\t\t\t\t\t\t<h4 style=\"text-align: right;\">25. Juni 2022<\/h4>\t\t\t\t\t\t<\/div>\n\t\t\t\t<\/div>\n\t\t\t\t\t<\/div>\n\t\t<\/div>\n\t\t\t\t\t\t\t<\/div>\n\t\t<\/section>\n\t\t\t\t<div class=\"elementor-element elementor-element-5764ddc elementor-widget elementor-widget-spacer\" data-id=\"5764ddc\" data-element_type=\"widget\" data-widget_type=\"spacer.default\">\n\t\t\t\t<div class=\"elementor-widget-container\">\n\t\t\t\t\t<div class=\"elementor-spacer\">\n\t\t\t<div class=\"elementor-spacer-inner\"><\/div>\n\t\t<\/div>\n\t\t\t\t<\/div>\n\t\t\t\t<\/div>\n\t\t\t\t<div class=\"elementor-element elementor-element-5cff5c74 elementor-widget elementor-widget-text-editor\" data-id=\"5cff5c74\" data-element_type=\"widget\" data-widget_type=\"text-editor.default\">\n\t\t\t\t<div class=\"elementor-widget-container\">\n\t\t\t\t\t\t\t<div class=\"layout__region layout__region--first-below\"><div class=\"field-wrapper body field field-node--body field-name-body field-type-text-with-summary field-label-hidden\" data-quickedit-field-id=\"node\/689\/body\/de\/full\" data-once=\"quickedit\"><div class=\"field-items\"><div class=\"field-item\"><p><span style=\"color: #ffffff;\">Am Samstag, 25. Juni wird das 40-j\u00e4hrige Bestehen des Sedels mit dem Vorplatz Openair gefeiert.<\/span><\/p><p><span style=\"color: #ffffff;\">Bands:<\/span><\/p><p><span style=\"color: #ffffff;\">Leech (AG)<\/span><\/p><p><span style=\"color: #ffffff;\">LEECH \u2013 als Urvater und Sch\u00f6pfer der Instrumentalen Post-Rock Szene, ist m\u00e4chtig stolz, dieses Jahr bereits das 20. Jubil\u00e4um des Albums \u201aInstarmental\u2018 feiern zu d\u00fcrfen. Seit der ersten Plattentaufe von 1997 hat LEECH sich in allen musikalischen Belangen stetig weiterentwickelt und begeistert mit atemberaubender und berauschender Musik mehr denn je.<\/span><br \/><span style=\"color: #ffffff;\">Tanzbare Melodien, feine Soundlandschaften und exzentrische Klangteppiche katapultieren den Zuh\u00f6rer mit grossartigen, perfekt abgestimmten audiovisuellen Effekten in Sph\u00e4ren unbeschreiblicher Emotionen. Insbesondere bei Liveauftritten, begeistert LEECH ein aussergew\u00f6hnlich breites Publikum. Auf nationalen Events wie dem Bergmal Festival oder dem 25 Jahre KiFF Festival \u00fcberzeugt LEECH auf ganzer Linie, auch international ist der Blutegel gefragter als nie zuvor. Bei Auftritten in Russland, Tschechien, Polen, Deutschland, \u00d6sterreich, etc. konnte LEECH sich eine weltweite Fan Base aufbauen und wird nicht zu Unrecht als \u201athe most underrated band ever\u2018 bezeichnet.<\/span><\/p><p><span style=\"color: #ffffff;\">Preamp Disaster (LU)<\/span><\/p><p><span style=\"color: #ffffff;\"><strong>PREAMP DISASTER<\/strong>\u00a0\u2013 vier Musiker &#8211; 15 Jahre &#8211; eine Leidenschaft: Das gemeinsame Kreieren von sph\u00e4rischen und epochalen Klanglandschaften. Was dabei seit 15 Jahren in stundenlangen Jams und Arrangements herauskommt, ist atmosph\u00e4rischer Postdoom, so hart wie Metal, so experimentierfreudig wie Postrock, so tight wie Stonerrock.\u00a0<strong>PREAMP DISASTER<\/strong>\u00a0wissen, auf was es in diesem Genre ankommt: Auf die Geduld &#8211; die Geduld, die Songs wachsen zu lassen. Verzaubernde Gitarrenlinien, hie und da etwas Synthesizer oder gefl\u00fcsterte Vocals haben dabei genauso Platz wie h\u00e4mmernde Downbeats, dr\u00f6hnende Amps und Growlgesang, sobald die Songs ihre gewaltigen Ausbr\u00fcche erleben.<\/span><\/p><p><span style=\"color: #ffffff;\">VVK w\u00e4r Fr. 38, Abendkasse Fr. 42<\/span><br \/><span style=\"color: #ffffff;\">\u00a0<\/span><\/p><p><span style=\"color: #ffffff;\">20 h Konzert auf Vorplatz<\/span><\/p><p><span style=\"color: #ffffff;\">Ab 23 h im Club DJ\u2019s Jullus, Magoo und Subwoofer<\/span><br \/><br \/><span style=\"color: #ffffff;\">KEINE PARKPL\u00c4TZE VORHANDEN!!!<\/span><\/p><\/div><\/div><\/div><\/div><p><span style=\"color: #ffffff;\"><strong>\u00a0<\/strong><\/span><\/p>\t\t\t\t\t\t<\/div>\n\t\t\t\t<\/div>\n\t\t\t\t\t<\/div>\n\t\t<\/div>\n\t\t\t\t<div class=\"elementor-column elementor-col-50 elementor-top-column elementor-element elementor-element-2c638a02\" data-id=\"2c638a02\" data-element_type=\"column\">\n\t\t\t<div class=\"elementor-widget-wrap elementor-element-populated\">\n\t\t\t\t\t\t\t\t<div class=\"elementor-element elementor-element-1065b5c4 elementor-widget elementor-widget-image\" data-id=\"1065b5c4\" data-element_type=\"widget\" data-widget_type=\"image.default\">\n\t\t\t\t<div class=\"elementor-widget-container\">\n\t\t\t\t\t\t\t\t\t\t\t\t\t\t\t<img width=\"512\" height=\"340\" src=\"https:\/\/40x.sedel.ch\/wp-content\/uploads\/2021\/03\/leech.jpg\" class=\"attachment-1536x1536 size-1536x1536\" alt=\"\" loading=\"lazy\" srcset=\"https:\/\/40x.sedel.ch\/wp-content\/uploads\/2021\/03\/leech.jpg 512w, https:\/\/40x.sedel.ch\/wp-content\/uploads\/2021\/03\/leech-300x199.jpg 300w\" sizes=\"(max-width: 512px) 100vw, 512px\" \/>\t\t\t\t\t\t\t\t\t\t\t\t\t\t\t<\/div>\n\t\t\t\t<\/div>\n\t\t\t\t\t<\/div>\n\t\t<\/div>\n\t\t\t\t\t\t\t<\/div>\n\t\t<\/section>\n\t\t\t\t<section class=\"elementor-section elementor-top-section elementor-element elementor-element-0253515 elementor-section-boxed elementor-section-height-default elementor-section-height-default\" data-id=\"0253515\" data-element_type=\"section\">\n\t\t\t\t\t\t<div class=\"elementor-container elementor-column-gap-default\">\n\t\t\t\t\t<div class=\"elementor-column elementor-col-100 elementor-top-column elementor-element elementor-element-71748f3\" data-id=\"71748f3\" data-element_type=\"column\">\n\t\t\t<div class=\"elementor-widget-wrap elementor-element-populated\">\n\t\t\t\t\t\t\t\t<section class=\"elementor-section elementor-inner-section elementor-element elementor-element-bf6d159 elementor-section-boxed elementor-section-height-default elementor-section-height-default\" data-id=\"bf6d159\" data-element_type=\"section\">\n\t\t\t\t\t\t<div class=\"elementor-container elementor-column-gap-default\">\n\t\t\t\t\t<div class=\"elementor-column elementor-col-20 elementor-inner-column elementor-element elementor-element-aff1016\" data-id=\"aff1016\" data-element_type=\"column\">\n\t\t\t<div class=\"elementor-widget-wrap\">\n\t\t\t\t\t\t\t\t\t<\/div>\n\t\t<\/div>\n\t\t\t\t<div class=\"elementor-column elementor-col-20 elementor-inner-column elementor-element elementor-element-a1de860\" data-id=\"a1de860\" data-element_type=\"column\">\n\t\t\t<div class=\"elementor-widget-wrap\">\n\t\t\t\t\t\t\t\t\t<\/div>\n\t\t<\/div>\n\t\t\t\t<div class=\"elementor-column elementor-col-20 elementor-inner-column elementor-element elementor-element-a5e13be\" data-id=\"a5e13be\" data-element_type=\"column\">\n\t\t\t<div class=\"elementor-widget-wrap\">\n\t\t\t\t\t\t\t\t\t<\/div>\n\t\t<\/div>\n\t\t\t\t<div class=\"elementor-column elementor-col-20 elementor-inner-column elementor-element elementor-element-ff7fbe1\" data-id=\"ff7fbe1\" data-element_type=\"column\">\n\t\t\t<div class=\"elementor-widget-wrap elementor-element-populated\">\n\t\t\t\t\t\t\t\t<div class=\"elementor-element elementor-element-639c34a elementor-position-top elementor-vertical-align-top elementor-widget elementor-widget-image-box\" data-id=\"639c34a\" data-element_type=\"widget\" data-widget_type=\"image-box.default\">\n\t\t\t\t<div class=\"elementor-widget-container\">\n\t\t\t<div class=\"elementor-image-box-wrapper\"><figure class=\"elementor-image-box-img\"><a href=\"https:\/\/40x.sedel.ch\/index.php\/agenda\"><img src=\"https:\/\/40x.sedel.ch\/wp-content\/uploads\/elementor\/thumbs\/cropped-image002-scaled-pouwmzwbxvtlmxfuwc8rzvx9d1l713wsn6ktfd1k0k.jpg\" title=\"cropped-image002.jpg\" alt=\"cropped-image002.jpg\" class=\"elementor-animation-pulse\" \/><\/a><\/figure><div class=\"elementor-image-box-content\"><h3 class=\"elementor-image-box-title\"><a href=\"https:\/\/40x.sedel.ch\/index.php\/agenda\">Agenda<\/a><\/h3><p class=\"elementor-image-box-description\">Alle Anl\u00e4sse<\/p><\/div><\/div>\t\t<\/div>\n\t\t\t\t<\/div>\n\t\t\t\t\t<\/div>\n\t\t<\/div>\n\t\t\t\t<div class=\"elementor-column elementor-col-20 elementor-inner-column elementor-element elementor-element-8951887\" data-id=\"8951887\" data-element_type=\"column\">\n\t\t\t<div class=\"elementor-widget-wrap elementor-element-populated\">\n\t\t\t\t\t\t\t\t<div class=\"elementor-element elementor-element-b4e16c9 elementor-position-top elementor-vertical-align-top elementor-widget elementor-widget-image-box\" data-id=\"b4e16c9\" data-element_type=\"widget\" data-widget_type=\"image-box.default\">\n\t\t\t\t<div class=\"elementor-widget-container\">\n\t\t\t<div class=\"elementor-image-box-wrapper\"><figure class=\"elementor-image-box-img\"><a href=\"https:\/\/40x.sedel.ch\/index.php\/potpourri-der-sedel-podcast\/\"><img src=\"https:\/\/40x.sedel.ch\/wp-content\/uploads\/elementor\/thumbs\/podcast3-pouwmh3k573v6q75y448m0o1hc5ur5u5wlj3tttfh0.png\" title=\"podcast3\" alt=\"podcast3\" class=\"elementor-animation-pulse\" \/><\/a><\/figure><div class=\"elementor-image-box-content\"><h3 class=\"elementor-image-box-title\"><a href=\"https:\/\/40x.sedel.ch\/index.php\/potpourri-der-sedel-podcast\/\">Potpourri<\/a><\/h3><p class=\"elementor-image-box-description\">Der Sedel Podcast<\/p><\/div><\/div>\t\t<\/div>\n\t\t\t\t<\/div>\n\t\t\t\t\t<\/div>\n\t\t<\/div>\n\t\t\t\t\t\t\t<\/div>\n\t\t<\/section>\n\t\t\t\t<section class=\"elementor-section elementor-inner-section elementor-element elementor-element-0033240 elementor-section-boxed elementor-section-height-default elementor-section-height-default\" data-id=\"0033240\" data-element_type=\"section\">\n\t\t\t\t\t\t<div class=\"elementor-container elementor-column-gap-default\">\n\t\t\t\t\t<div class=\"elementor-column elementor-col-25 elementor-inner-column elementor-element elementor-element-0677025\" data-id=\"0677025\" data-element_type=\"column\">\n\t\t\t<div class=\"elementor-widget-wrap elementor-element-populated\">\n\t\t\t\t\t\t\t\t<div class=\"elementor-element elementor-element-093628a elementor-position-top elementor-vertical-align-top elementor-widget elementor-widget-image-box\" data-id=\"093628a\" data-element_type=\"widget\" data-widget_type=\"image-box.default\">\n\t\t\t\t<div class=\"elementor-widget-container\">\n\t\t\t<div class=\"elementor-image-box-wrapper\"><figure class=\"elementor-image-box-img\"><a href=\"https:\/\/40x.sedel.ch\/index.php\/jailhouse-walk\/\"><img src=\"https:\/\/40x.sedel.ch\/wp-content\/uploads\/elementor\/thumbs\/jailhousewalk_web-ptay7gajrpb9phgsh8scb2ehbga44cv0fbiv1ili1g.jpg\" title=\"jailhousewalk_web\" alt=\"jailhousewalk_web\" class=\"elementor-animation-pulse\" \/><\/a><\/figure><div class=\"elementor-image-box-content\"><h3 class=\"elementor-image-box-title\"><a href=\"https:\/\/40x.sedel.ch\/index.php\/jailhouse-walk\/\">Jailhouse Walk<\/a><\/h3><p class=\"elementor-image-box-description\">Die Jubil\u00e4umsparade<\/p><\/div><\/div>\t\t<\/div>\n\t\t\t\t<\/div>\n\t\t\t\t\t<\/div>\n\t\t<\/div>\n\t\t\t\t<div class=\"elementor-column elementor-col-25 elementor-inner-column elementor-element elementor-element-3450f5f\" data-id=\"3450f5f\" data-element_type=\"column\">\n\t\t\t<div class=\"elementor-widget-wrap elementor-element-populated\">\n\t\t\t\t\t\t\t\t<div class=\"elementor-element elementor-element-3b280d2 elementor-position-top elementor-vertical-align-top elementor-widget elementor-widget-image-box\" data-id=\"3b280d2\" data-element_type=\"widget\" data-widget_type=\"image-box.default\">\n\t\t\t\t<div class=\"elementor-widget-container\">\n\t\t\t<div class=\"elementor-image-box-wrapper\"><figure class=\"elementor-image-box-img\"><a href=\"https:\/\/40x.sedel.ch\/index.php\/der-sedel-rockt-schueuer\/\"><img src=\"https:\/\/40x.sedel.ch\/wp-content\/uploads\/elementor\/thumbs\/Konzert40xsedel-pouwmf7vrj1aji9w93azh154akf4brmp8c84v9w7tg.jpg\" title=\"Konzert40xsedel\" alt=\"Konzert40xsedel\" class=\"elementor-animation-pulse\" \/><\/a><\/figure><div class=\"elementor-image-box-content\"><h3 class=\"elementor-image-box-title\"><a href=\"https:\/\/40x.sedel.ch\/index.php\/der-sedel-rockt-schueuer\/\">Young Gods<br>@ Sch\u00fc\u00fcr<\/a><\/h3><p class=\"elementor-image-box-description\">Das Jubil\u00e4ums-Spezial<\/p><\/div><\/div>\t\t<\/div>\n\t\t\t\t<\/div>\n\t\t\t\t\t<\/div>\n\t\t<\/div>\n\t\t\t\t<div class=\"elementor-column elementor-col-25 elementor-inner-column elementor-element elementor-element-02bead2\" data-id=\"02bead2\" data-element_type=\"column\">\n\t\t\t<div class=\"elementor-widget-wrap elementor-element-populated\">\n\t\t\t\t\t\t\t\t<div class=\"elementor-element elementor-element-2fb04b5 elementor-position-top elementor-vertical-align-top elementor-widget elementor-widget-image-box\" data-id=\"2fb04b5\" data-element_type=\"widget\" data-widget_type=\"image-box.default\">\n\t\t\t\t<div class=\"elementor-widget-container\">\n\t\t\t<div class=\"elementor-image-box-wrapper\"><figure class=\"elementor-image-box-img\"><a href=\"https:\/\/40x.sedel.ch\/index.php\/jailbreak-tour\/\"><img src=\"https:\/\/40x.sedel.ch\/wp-content\/uploads\/elementor\/thumbs\/sedel40x_logo_hires-ptayhpp4dlcyg8k7k6gq0z6mrvpd5eliu3won9ds44.jpg\" title=\"sedel40x_logo_hires\" alt=\"sedel40x_logo_hires\" class=\"elementor-animation-pulse\" \/><\/a><\/figure><div class=\"elementor-image-box-content\"><h3 class=\"elementor-image-box-title\"><a href=\"https:\/\/40x.sedel.ch\/index.php\/jailbreak-tour\/\">Jailbreak Tour<\/a><\/h3><p class=\"elementor-image-box-description\">Die Sedelbands Schweizertournee<\/p><\/div><\/div>\t\t<\/div>\n\t\t\t\t<\/div>\n\t\t\t\t\t<\/div>\n\t\t<\/div>\n\t\t\t\t<div class=\"elementor-column elementor-col-25 elementor-inner-column elementor-element elementor-element-5ab0456\" data-id=\"5ab0456\" data-element_type=\"column\">\n\t\t\t<div class=\"elementor-widget-wrap elementor-element-populated\">\n\t\t\t\t\t\t\t\t<div class=\"elementor-element elementor-element-130f457 elementor-position-top elementor-vertical-align-top elementor-widget elementor-widget-image-box\" data-id=\"130f457\" data-element_type=\"widget\" data-widget_type=\"image-box.default\">\n\t\t\t\t<div class=\"elementor-widget-container\">\n\t\t\t<div class=\"elementor-image-box-wrapper\"><figure class=\"elementor-image-box-img\"><a href=\"https:\/\/40x.sedel.ch\/index.php\/25-jahre-thrasher-production\/\"><img src=\"https:\/\/40x.sedel.ch\/wp-content\/uploads\/elementor\/thumbs\/megamoshkopf-pouwmi1ec155ic5ssmiv6ifi2q17yuxw8q6lb3s1as.jpg\" title=\"megamoshkopf\" alt=\"megamoshkopf\" class=\"elementor-animation-pulse\" \/><\/a><\/figure><div class=\"elementor-image-box-content\"><h3 class=\"elementor-image-box-title\"><a href=\"https:\/\/40x.sedel.ch\/index.php\/25-jahre-thrasher-production\/\">25 Jahre Thrasher Production<\/a><\/h3><p class=\"elementor-image-box-description\">Das Megamosh Jubil\u00e4umsfestival<\/p><\/div><\/div>\t\t<\/div>\n\t\t\t\t<\/div>\n\t\t\t\t\t<\/div>\n\t\t<\/div>\n\t\t\t\t\t\t\t<\/div>\n\t\t<\/section>\n\t\t\t\t<section class=\"elementor-section elementor-inner-section elementor-element elementor-element-4fbaa66 elementor-section-boxed elementor-section-height-default elementor-section-height-default\" data-id=\"4fbaa66\" data-element_type=\"section\">\n\t\t\t\t\t\t<div class=\"elementor-container elementor-column-gap-default\">\n\t\t\t\t\t<div class=\"elementor-column elementor-col-20 elementor-inner-column elementor-element elementor-element-6ed237a\" data-id=\"6ed237a\" data-element_type=\"column\">\n\t\t\t<div class=\"elementor-widget-wrap elementor-element-populated\">\n\t\t\t\t\t\t\t\t<div class=\"elementor-element elementor-element-4c2e3e4 elementor-position-top elementor-vertical-align-top elementor-widget elementor-widget-image-box\" data-id=\"4c2e3e4\" data-element_type=\"widget\" data-widget_type=\"image-box.default\">\n\t\t\t\t<div class=\"elementor-widget-container\">\n\t\t\t<div class=\"elementor-image-box-wrapper\"><figure class=\"elementor-image-box-img\"><a href=\"https:\/\/40x.sedel.ch\/index.php\/die-zelle-rockt\/\"><img src=\"https:\/\/40x.sedel.ch\/wp-content\/uploads\/elementor\/thumbs\/Proberaum40xsedel-pouwmiz8iv6fty4fn4xhr06yo3wl6k1mkuu2sdqn4k.jpg\" title=\"Proberaum40xsedel\" alt=\"Proberaum40xsedel\" class=\"elementor-animation-pulse\" \/><\/a><\/figure><div class=\"elementor-image-box-content\"><h3 class=\"elementor-image-box-title\"><a href=\"https:\/\/40x.sedel.ch\/index.php\/die-zelle-rockt\/\">Jailhouse rockt<\/a><\/h3><p class=\"elementor-image-box-description\">Tag der Offenen T\u00fcren im Sedel<\/p><\/div><\/div>\t\t<\/div>\n\t\t\t\t<\/div>\n\t\t\t\t\t<\/div>\n\t\t<\/div>\n\t\t\t\t<div class=\"elementor-column elementor-col-20 elementor-inner-column elementor-element elementor-element-b0ad8c2\" data-id=\"b0ad8c2\" data-element_type=\"column\">\n\t\t\t<div class=\"elementor-widget-wrap elementor-element-populated\">\n\t\t\t\t\t\t\t\t<div class=\"elementor-element elementor-element-01d6608 elementor-position-top elementor-vertical-align-top elementor-widget elementor-widget-image-box\" data-id=\"01d6608\" data-element_type=\"widget\" data-widget_type=\"image-box.default\">\n\t\t\t\t<div class=\"elementor-widget-container\">\n\t\t\t<div class=\"elementor-image-box-wrapper\"><figure class=\"elementor-image-box-img\"><a href=\"https:\/\/40x.sedel.ch\/index.php\/kleines-vorplatz-openair-mit-leech\"><img src=\"https:\/\/40x.sedel.ch\/wp-content\/uploads\/elementor\/thumbs\/leech2-pouwmjx2pp7q5k32hnc4bhyf9hrye95cwzhk9np8yc.jpg\" title=\"leech2\" alt=\"leech2\" class=\"elementor-animation-pulse\" \/><\/a><\/figure><div class=\"elementor-image-box-content\"><h3 class=\"elementor-image-box-title\"><a href=\"https:\/\/40x.sedel.ch\/index.php\/kleines-vorplatz-openair-mit-leech\">Leech Openair<\/a><\/h3><p class=\"elementor-image-box-description\">Unsere Lieblingsband auf dem Vorplatz<\/p><\/div><\/div>\t\t<\/div>\n\t\t\t\t<\/div>\n\t\t\t\t\t<\/div>\n\t\t<\/div>\n\t\t\t\t<div class=\"elementor-column elementor-col-20 elementor-inner-column elementor-element elementor-element-374c7fa\" data-id=\"374c7fa\" data-element_type=\"column\">\n\t\t\t<div class=\"elementor-widget-wrap elementor-element-populated\">\n\t\t\t\t\t\t\t\t<div class=\"elementor-element elementor-element-76e4609 elementor-position-top elementor-vertical-align-top elementor-widget elementor-widget-image-box\" data-id=\"76e4609\" data-element_type=\"widget\" data-widget_type=\"image-box.default\">\n\t\t\t\t<div class=\"elementor-widget-container\">\n\t\t\t<div class=\"elementor-image-box-wrapper\"><figure class=\"elementor-image-box-img\"><a href=\"https:\/\/40x.sedel.ch\/index.php\/weisst-du-noch\"><img src=\"https:\/\/40x.sedel.ch\/wp-content\/uploads\/elementor\/thumbs\/Fyler-Sedel-Logo-Amadee-pouwmom9nve5rlw8q7d95yrq8f4sgqo0lmqzo1ia38.jpg\" title=\"Fyler Sedel Logo Amadee\" alt=\"Fyler Sedel Logo Amadee\" class=\"elementor-animation-pulse\" \/><\/a><\/figure><div class=\"elementor-image-box-content\"><h3 class=\"elementor-image-box-title\"><a href=\"https:\/\/40x.sedel.ch\/index.php\/weisst-du-noch\">Weisst Du noch?<\/a><\/h3><p class=\"elementor-image-box-description\">Ehemaligen Ap\u00e9ro und Konzerte<\/p><\/div><\/div>\t\t<\/div>\n\t\t\t\t<\/div>\n\t\t\t\t\t<\/div>\n\t\t<\/div>\n\t\t\t\t<div class=\"elementor-column elementor-col-20 elementor-inner-column elementor-element elementor-element-527608c\" data-id=\"527608c\" data-element_type=\"column\">\n\t\t\t<div class=\"elementor-widget-wrap elementor-element-populated\">\n\t\t\t\t\t\t\t\t<div class=\"elementor-element elementor-element-ab6fbce elementor-position-top elementor-vertical-align-top elementor-widget elementor-widget-image-box\" data-id=\"ab6fbce\" data-element_type=\"widget\" data-widget_type=\"image-box.default\">\n\t\t\t\t<div class=\"elementor-widget-container\">\n\t\t\t<div class=\"elementor-image-box-wrapper\"><figure class=\"elementor-image-box-img\"><a href=\"https:\/\/40x.sedel.ch\/index.php\/prettyvacant\"><img src=\"https:\/\/40x.sedel.ch\/wp-content\/uploads\/elementor\/thumbs\/Pretty-Vacant-3-color-pouwmh3k573v6q75y448m0o1hc5ur5u5wlj3tttfh0.jpg\" title=\"Pretty-Vacant-3-color\" alt=\"Pretty-Vacant-3-color\" class=\"elementor-animation-pulse\" \/><\/a><\/figure><div class=\"elementor-image-box-content\"><h3 class=\"elementor-image-box-title\"><a href=\"https:\/\/40x.sedel.ch\/index.php\/prettyvacant\">Pretty Vacant<\/a><\/h3><p class=\"elementor-image-box-description\">40 Jahre PunkRock<\/p><\/div><\/div>\t\t<\/div>\n\t\t\t\t<\/div>\n\t\t\t\t\t<\/div>\n\t\t<\/div>\n\t\t\t\t<div class=\"elementor-column elementor-col-20 elementor-inner-column elementor-element elementor-element-815bc41\" data-id=\"815bc41\" data-element_type=\"column\">\n\t\t\t<div class=\"elementor-widget-wrap elementor-element-populated\">\n\t\t\t\t\t\t\t\t<div class=\"elementor-element elementor-element-5ece0ec elementor-position-top elementor-vertical-align-top elementor-widget elementor-widget-image-box\" data-id=\"5ece0ec\" data-element_type=\"widget\" data-widget_type=\"image-box.default\">\n\t\t\t\t<div class=\"elementor-widget-container\">\n\t\t\t<div class=\"elementor-image-box-wrapper\"><figure class=\"elementor-image-box-img\"><a href=\"https:\/\/40x.sedel.ch\/index.php\/lucerne-by-night\"><img src=\"https:\/\/40x.sedel.ch\/wp-content\/uploads\/elementor\/thumbs\/Mad-Sin-pouwmx2tddpqo3jyct0waemvkvz3e0llmsmczj5qj8.jpg\" title=\"Mad Sin\" alt=\"Mad Sin\" class=\"elementor-animation-pulse\" \/><\/a><\/figure><div class=\"elementor-image-box-content\"><h3 class=\"elementor-image-box-title\"><a href=\"https:\/\/40x.sedel.ch\/index.php\/lucerne-by-night\">Lucerne by Night<\/a><\/h3><p class=\"elementor-image-box-description\">Die Jubil\u00e4ums Fotoausstellung<\/p><\/div><\/div>\t\t<\/div>\n\t\t\t\t<\/div>\n\t\t\t\t\t<\/div>\n\t\t<\/div>\n\t\t\t\t\t\t\t<\/div>\n\t\t<\/section>\n\t\t\t\t\t<\/div>\n\t\t<\/div>\n\t\t\t\t\t\t\t<\/div>\n\t\t<\/section>\n\t\t\t\t\t\t<\/div>\n\t\t\t\t\t<\/div>\n\t\t","protected":false},"excerpt":{"rendered":"<p>Vorplatz Openair mit Leech 25. Juni 2022 Am Samstag, 25. Juni wird das 40-j\u00e4hrige Bestehen des Sedels mit dem Vorplatz [&hellip;]<\/p>\n","protected":false},"author":1,"featured_media":0,"parent":0,"menu_order":0,"comment_status":"closed","ping_status":"closed","template":"","meta":[],"_links":{"self":[{"href":"https:\/\/40x.sedel.ch\/index.php\/wp-json\/wp\/v2\/pages\/675"}],"collection":[{"href":"https:\/\/40x.sedel.ch\/index.php\/wp-json\/wp\/v2\/pages"}],"about":[{"href":"https:\/\/40x.sedel.ch\/index.php\/wp-json\/wp\/v2\/types\/page"}],"author":[{"embeddable":true,"href":"https:\/\/40x.sedel.ch\/index.php\/wp-json\/wp\/v2\/users\/1"}],"replies":[{"embeddable":true,"href":"https:\/\/40x.sedel.ch\/index.php\/wp-json\/wp\/v2\/comments?post=675"}],"version-history":[{"count":32,"href":"https:\/\/40x.sedel.ch\/index.php\/wp-json\/wp\/v2\/pages\/675\/revisions"}],"predecessor-version":[{"id":1425,"href":"https:\/\/40x.sedel.ch\/index.php\/wp-json\/wp\/v2\/pages\/675\/revisions\/1425"}],"wp:attachment":[{"href":"https:\/\/40x.sedel.ch\/index.php\/wp-json\/wp\/v2\/media?parent=675"}],"curies":[{"name":"wp","href":"https:\/\/api.w.org\/{rel}","templated":true}]}}